{"id":8,"date":"2025-10-26T20:15:11","date_gmt":"2025-10-26T20:15:11","guid":{"rendered":"https:\/\/tongestaltung.dieservices.de\/?page_id=8"},"modified":"2025-10-28T21:32:34","modified_gmt":"2025-10-28T21:32:34","slug":"homepage","status":"publish","type":"page","link":"https:\/\/tongestaltung.dieservices.de\/","title":{"rendered":"Homepage"},"content":{"rendered":"\n<div class=\"wp-block-cover alignfull is-light\" style=\"min-height:100vh;aspect-ratio:unset;\"><video class=\"wp-block-cover__video-background intrinsic-ignore\" autoplay muted loop playsinline src=\"https:\/\/demo.wpzoom.com\/inspiro-lite\/files\/2022\/03\/Pexels-Videos-1409899-1.mp4\" data-object-fit=\"cover\"><\/video><span aria-hidden=\"true\" class=\"wp-block-cover__background has-background-dim-20 has-background-dim\"><\/span><div class=\"wp-block-cover__inner-container has-global-padding is-layout-constrained wp-block-cover-is-layout-constrained\">\n<p class=\"has-text-align-center has-white-color has-text-color has-max-60-font-size\" style=\"font-style:normal;font-weight:900;line-height:1.2\"><strong>Tongestaltung &amp; Komposition<\/strong><\/p>\n\n\n\n<p class=\"has-text-align-center has-white-color has-text-color has-medium-font-size\">Sebastian Dierkes<\/p>\n\n\n\n<div style=\"height:55px\" aria-hidden=\"true\" class=\"wp-block-spacer\"><\/div>\n<\/div><\/div>\n\n\n\n<div id=\"services\" class=\"wp-block-group alignfull pattern_multiple_covers has-background has-global-padding is-layout-constrained wp-block-group-is-layout-constrained\">\n<div style=\"height:84px\" aria-hidden=\"true\" class=\"wp-block-spacer\"><\/div>\n\n\n\n<p class=\"has-text-align-left has-secondary-color has-text-color\" style=\"letter-spacing:1px\"><\/p>\n\n\n\n<h2 class=\"wp-block-heading\"><strong>Echte Handarbeit f\u00fcr echten Klang.<\/strong><\/h2>\n\n\n\n<p class=\"has-text-align-left\"><\/p>\n\n\n\n<p><strong>Komponist und Tonmeister <\/strong> \u2013 Leidenschaftlich f\u00fcr authentischen Sound und musikalische Erlebnisse, die ber\u00fchren.<\/p>\n\n\n\n<p><br>Bei mir entsteht alles in echter Handarbeit. Aus \u00dcberzeugung und Prinzip <strong>kein KI-Generator, keine Massenproduktion \u2013 sondern echtes Handwerk, Geh\u00f6r und Gef\u00fchl.<\/strong><\/p>\n\n\n\n<p><br><strong>Komposition &amp; Sounddesign<\/strong> f\u00fcr <strong>Film, Fernsehen, Games und Musicals<\/strong> \u2013 ma\u00dfgeschneidert, emotional und dramaturgisch pr\u00e4zise.<br><strong>Producing &amp; Mastering<\/strong> f\u00fcr <strong>Musiker und Bands<\/strong> \u2013 mit technischem Feingef\u00fchl, musikalischem Verst\u00e4ndnis und audiophiler Pr\u00e4zision.<\/p>\n\n\n\n<p class=\"has-text-align-left\"><br><strong>Jeder Ton soll wirken. Jeder Klang soll Bedeutung haben<\/strong>.<\/p>\n\n\n\n<p><\/p>\n\n\n\n<div style=\"height:46px\" aria-hidden=\"true\" class=\"wp-block-spacer\"><\/div>\n\n\n\n<figure class=\"wp-block-image size-full is-resized\"><img loading=\"lazy\" decoding=\"async\" width=\"1740\" height=\"1160\" src=\"https:\/\/tongestaltung.dieservices.de\/wp-content\/uploads\/2025\/10\/Piano2-2.jpg\" alt=\"\" class=\"wp-image-2037\" style=\"width:723px;height:auto\" srcset=\"https:\/\/tongestaltung.dieservices.de\/wp-content\/uploads\/2025\/10\/Piano2-2.jpg 1740w, https:\/\/tongestaltung.dieservices.de\/wp-content\/uploads\/2025\/10\/Piano2-2-300x200.jpg 300w, https:\/\/tongestaltung.dieservices.de\/wp-content\/uploads\/2025\/10\/Piano2-2-1024x683.jpg 1024w\" sizes=\"auto, (max-width: 1740px) 100vw, 1740px\" \/><\/figure>\n\n\n\n<div style=\"height:103px\" aria-hidden=\"true\" class=\"wp-block-spacer\"><\/div>\n<\/div>\n\n\n\n<div class=\"wp-block-group alignfull has-global-padding is-layout-constrained wp-block-group-is-layout-constrained\">\n<div class=\"wp-block-group has-global-padding is-layout-constrained wp-block-group-is-layout-constrained\" style=\"padding-top:var(--wp--preset--spacing--small);padding-bottom:var(--wp--preset--spacing--small)\">\n<h2 class=\"wp-block-heading\">Sebastian<\/h2>\n\n\n\n<div class=\"wp-block-columns is-layout-flex wp-container-core-columns-is-layout-c375d253 wp-block-columns-is-layout-flex\">\n<div class=\"wp-block-column is-vertically-aligned-center is-layout-flow wp-block-column-is-layout-flow\">\n<p>Mit langj\u00e4hriger Erfahrung in vielen Bereichen der Tongestaltung und  Komposition unterst\u00fctze ich eine Vielzahl von Projekten unterschiedlicher Medien und Kulturbereiche. <\/p>\n\n\n\n<p>T\u00e4tigkeiten unter anderem als Tonmeister f\u00fcr die Berliner Philharmonie, ZDF, Arte, RTL, TopWare Entertainment, zahlreiche Bands. <\/p>\n\n\n\n<p>Komposition f\u00fcr Film, Fernsehen, Musical, H\u00f6rspiele<\/p>\n\n\n\n<p><\/p>\n\n\n\n<p><\/p>\n\n\n\n<p><\/p>\n\n\n\n<div class=\"wp-block-columns is-layout-flex wp-container-core-columns-is-layout-28f84493 wp-block-columns-is-layout-flex\">\n<div class=\"wp-block-column is-layout-flow wp-block-column-is-layout-flow\" style=\"flex-basis:100%\"><\/div>\n<\/div>\n\n\n\n<div class=\"wp-block-group is-layout-grid wp-container-core-group-is-layout-478b6e6b wp-block-group-is-layout-grid\">\n<figure class=\"wp-block-image size-full\"><img loading=\"lazy\" decoding=\"async\" width=\"500\" height=\"500\" src=\"https:\/\/tongestaltung.dieservices.de\/wp-content\/uploads\/2025\/10\/realitypump-1.png\" alt=\"\" class=\"wp-image-2063\" srcset=\"https:\/\/tongestaltung.dieservices.de\/wp-content\/uploads\/2025\/10\/realitypump-1.png 500w, https:\/\/tongestaltung.dieservices.de\/wp-content\/uploads\/2025\/10\/realitypump-1-300x300.png 300w, https:\/\/tongestaltung.dieservices.de\/wp-content\/uploads\/2025\/10\/realitypump-1-150x150.png 150w\" sizes=\"auto, (max-width: 500px) 100vw, 500px\" \/><\/figure>\n\n\n\n<figure class=\"wp-block-image size-full\"><img loading=\"lazy\" decoding=\"async\" width=\"225\" height=\"225\" src=\"https:\/\/tongestaltung.dieservices.de\/wp-content\/uploads\/2025\/10\/arte.png\" alt=\"\" class=\"wp-image-2045\" srcset=\"https:\/\/tongestaltung.dieservices.de\/wp-content\/uploads\/2025\/10\/arte.png 225w, https:\/\/tongestaltung.dieservices.de\/wp-content\/uploads\/2025\/10\/arte-150x150.png 150w\" sizes=\"auto, (max-width: 225px) 100vw, 225px\" \/><\/figure>\n\n\n\n<figure class=\"wp-block-image size-full\"><img loading=\"lazy\" decoding=\"async\" width=\"512\" height=\"512\" src=\"https:\/\/tongestaltung.dieservices.de\/wp-content\/uploads\/2025\/10\/bpho-1.png\" alt=\"\" class=\"wp-image-2058\" srcset=\"https:\/\/tongestaltung.dieservices.de\/wp-content\/uploads\/2025\/10\/bpho-1.png 512w, https:\/\/tongestaltung.dieservices.de\/wp-content\/uploads\/2025\/10\/bpho-1-300x300.png 300w, https:\/\/tongestaltung.dieservices.de\/wp-content\/uploads\/2025\/10\/bpho-1-150x150.png 150w\" sizes=\"auto, (max-width: 512px) 100vw, 512px\" \/><\/figure>\n\n\n\n<figure class=\"wp-block-image size-full\"><img loading=\"lazy\" decoding=\"async\" width=\"321\" height=\"157\" src=\"https:\/\/tongestaltung.dieservices.de\/wp-content\/uploads\/2025\/10\/audible.png\" alt=\"\" class=\"wp-image-2071\" srcset=\"https:\/\/tongestaltung.dieservices.de\/wp-content\/uploads\/2025\/10\/audible.png 321w, https:\/\/tongestaltung.dieservices.de\/wp-content\/uploads\/2025\/10\/audible-300x147.png 300w\" sizes=\"auto, (max-width: 321px) 100vw, 321px\" \/><\/figure>\n\n\n\n<figure class=\"wp-block-image size-full\"><img loading=\"lazy\" decoding=\"async\" width=\"300\" height=\"300\" src=\"https:\/\/tongestaltung.dieservices.de\/wp-content\/uploads\/2025\/10\/klassikradio-1.png\" alt=\"\" class=\"wp-image-2060\" srcset=\"https:\/\/tongestaltung.dieservices.de\/wp-content\/uploads\/2025\/10\/klassikradio-1.png 300w, https:\/\/tongestaltung.dieservices.de\/wp-content\/uploads\/2025\/10\/klassikradio-1-150x150.png 150w\" sizes=\"auto, (max-width: 300px) 100vw, 300px\" \/><\/figure>\n\n\n\n<figure class=\"wp-block-image size-full\"><img loading=\"lazy\" decoding=\"async\" width=\"500\" height=\"500\" src=\"https:\/\/tongestaltung.dieservices.de\/wp-content\/uploads\/2025\/10\/lmaberlin-1.png\" alt=\"\" class=\"wp-image-2061\" srcset=\"https:\/\/tongestaltung.dieservices.de\/wp-content\/uploads\/2025\/10\/lmaberlin-1.png 500w, https:\/\/tongestaltung.dieservices.de\/wp-content\/uploads\/2025\/10\/lmaberlin-1-300x300.png 300w, https:\/\/tongestaltung.dieservices.de\/wp-content\/uploads\/2025\/10\/lmaberlin-1-150x150.png 150w\" sizes=\"auto, (max-width: 500px) 100vw, 500px\" \/><\/figure>\n\n\n\n<figure class=\"wp-block-image size-large\"><img loading=\"lazy\" decoding=\"async\" width=\"1024\" height=\"492\" src=\"https:\/\/tongestaltung.dieservices.de\/wp-content\/uploads\/2025\/10\/tvb-1-1024x492.png\" alt=\"\" class=\"wp-image-2062\" srcset=\"https:\/\/tongestaltung.dieservices.de\/wp-content\/uploads\/2025\/10\/tvb-1-1024x492.png 1024w, https:\/\/tongestaltung.dieservices.de\/wp-content\/uploads\/2025\/10\/tvb-1-300x144.png 300w, https:\/\/tongestaltung.dieservices.de\/wp-content\/uploads\/2025\/10\/tvb-1.png 2000w\" sizes=\"auto, (max-width: 1024px) 100vw, 1024px\" \/><\/figure>\n\n\n\n<figure class=\"wp-block-image size-large\"><img loading=\"lazy\" decoding=\"async\" width=\"1024\" height=\"611\" src=\"https:\/\/tongestaltung.dieservices.de\/wp-content\/uploads\/2025\/10\/ZDF_logo.svg_-1024x611.png\" alt=\"\" class=\"wp-image-2064\" srcset=\"https:\/\/tongestaltung.dieservices.de\/wp-content\/uploads\/2025\/10\/ZDF_logo.svg_-1024x611.png 1024w, https:\/\/tongestaltung.dieservices.de\/wp-content\/uploads\/2025\/10\/ZDF_logo.svg_-300x179.png 300w, https:\/\/tongestaltung.dieservices.de\/wp-content\/uploads\/2025\/10\/ZDF_logo.svg_.png 1200w\" sizes=\"auto, (max-width: 1024px) 100vw, 1024px\" \/><\/figure>\n\n\n\n<figure class=\"wp-block-image size-full\"><img loading=\"lazy\" decoding=\"async\" width=\"810\" height=\"360\" src=\"https:\/\/tongestaltung.dieservices.de\/wp-content\/uploads\/2025\/10\/rtl.png\" alt=\"\" class=\"wp-image-2065\" srcset=\"https:\/\/tongestaltung.dieservices.de\/wp-content\/uploads\/2025\/10\/rtl.png 810w, https:\/\/tongestaltung.dieservices.de\/wp-content\/uploads\/2025\/10\/rtl-300x133.png 300w\" sizes=\"auto, (max-width: 810px) 100vw, 810px\" \/><\/figure>\n\n\n\n<figure class=\"wp-block-image size-full\"><img loading=\"lazy\" decoding=\"async\" width=\"799\" height=\"490\" src=\"https:\/\/tongestaltung.dieservices.de\/wp-content\/uploads\/2025\/10\/sky-1.png\" alt=\"\" class=\"wp-image-2066\" srcset=\"https:\/\/tongestaltung.dieservices.de\/wp-content\/uploads\/2025\/10\/sky-1.png 799w, https:\/\/tongestaltung.dieservices.de\/wp-content\/uploads\/2025\/10\/sky-1-300x184.png 300w\" sizes=\"auto, (max-width: 799px) 100vw, 799px\" \/><\/figure>\n\n\n\n<figure class=\"wp-block-image size-full\"><img loading=\"lazy\" decoding=\"async\" width=\"206\" height=\"206\" src=\"https:\/\/tongestaltung.dieservices.de\/wp-content\/uploads\/2025\/10\/topware-1.png\" alt=\"\" class=\"wp-image-2067\" srcset=\"https:\/\/tongestaltung.dieservices.de\/wp-content\/uploads\/2025\/10\/topware-1.png 206w, https:\/\/tongestaltung.dieservices.de\/wp-content\/uploads\/2025\/10\/topware-1-150x150.png 150w\" sizes=\"auto, (max-width: 206px) 100vw, 206px\" \/><\/figure>\n\n\n\n<figure class=\"wp-block-image size-full\"><img loading=\"lazy\" decoding=\"async\" width=\"340\" height=\"156\" src=\"https:\/\/tongestaltung.dieservices.de\/wp-content\/uploads\/2025\/10\/mex-logo-1.png\" alt=\"\" class=\"wp-image-2069\" srcset=\"https:\/\/tongestaltung.dieservices.de\/wp-content\/uploads\/2025\/10\/mex-logo-1.png 340w, https:\/\/tongestaltung.dieservices.de\/wp-content\/uploads\/2025\/10\/mex-logo-1-300x138.png 300w\" sizes=\"auto, (max-width: 340px) 100vw, 340px\" \/><\/figure>\n<\/div>\n<\/div>\n<\/div>\n\n\n\n<div style=\"height:30px\" aria-hidden=\"true\" class=\"wp-block-spacer\"><\/div>\n<\/div>\n<\/div>\n\n\n\n<div class=\"wp-block-group alignfull portfolio-dark has-black-background-color has-background has-global-padding is-layout-constrained wp-block-group-is-layout-constrained\" id=\"portfolio\" style=\"margin-top:0px\">\n<p class=\"has-text-align-left has-text-color\" style=\"color:#0bb4aa;letter-spacing:1px\"><\/p>\n\n\n\n<h2 class=\"wp-block-heading has-text-align-left has-white-color has-text-color has-large-font-size\"><\/h2>\n\n\n\n<div style=\"height:44px\" aria-hidden=\"true\" class=\"wp-block-spacer\"><\/div>\n\n\n\n<figure class=\"wp-block-image size-large\"><img loading=\"lazy\" decoding=\"async\" width=\"1024\" height=\"273\" src=\"https:\/\/tongestaltung.dieservices.de\/wp-content\/uploads\/2025\/10\/SchneeHeader-1024x273.jpg\" alt=\"\" class=\"wp-image-2052\" srcset=\"https:\/\/tongestaltung.dieservices.de\/wp-content\/uploads\/2025\/10\/SchneeHeader-1024x273.jpg 1024w, https:\/\/tongestaltung.dieservices.de\/wp-content\/uploads\/2025\/10\/SchneeHeader-300x80.jpg 300w, https:\/\/tongestaltung.dieservices.de\/wp-content\/uploads\/2025\/10\/SchneeHeader.jpg 1200w\" sizes=\"auto, (max-width: 1024px) 100vw, 1024px\" \/><\/figure>\n\n\n\n<p><\/p>\n<\/div>\n\n\n\n<div class=\"wp-block-group alignfull is-layout-flow wp-container-core-group-is-layout-c4d5c1b7 wp-block-group-is-layout-flow\" id=\"cover\" style=\"margin-top:0px;margin-bottom:0px\">\n<div class=\"wp-block-cover alignfull\" style=\"min-height:549px;aspect-ratio:unset;\"><img loading=\"lazy\" decoding=\"async\" width=\"1024\" height=\"683\" class=\"wp-block-cover__image-background wp-image-2076 size-large\" alt=\"\" src=\"https:\/\/tongestaltung.dieservices.de\/wp-content\/uploads\/2025\/10\/musical-1024x683.jpg\" data-object-fit=\"cover\" srcset=\"https:\/\/tongestaltung.dieservices.de\/wp-content\/uploads\/2025\/10\/musical-1024x683.jpg 1024w, https:\/\/tongestaltung.dieservices.de\/wp-content\/uploads\/2025\/10\/musical-300x200.jpg 300w, https:\/\/tongestaltung.dieservices.de\/wp-content\/uploads\/2025\/10\/musical-2000x1333.jpg 2000w\" sizes=\"auto, (max-width: 1024px) 100vw, 1024px\" \/><span aria-hidden=\"true\" class=\"wp-block-cover__background has-black-background-color has-background-dim\"><\/span><div class=\"wp-block-cover__inner-container has-global-padding is-layout-constrained wp-block-cover-is-layout-constrained\">\n<div class=\"wp-block-group has-global-padding is-layout-constrained wp-container-core-group-is-layout-4383d167 wp-block-group-is-layout-constrained\">\n<h2 class=\"wp-block-heading has-white-color has-text-color has-large-font-size\">Die Schneek\u00f6nigin: Das Musical f\u00fcr die ganze Familie<\/h2>\n\n\n\n<p>Seit \u00fcber einem Jahrzehnt auf gro\u00dfer Deutschlandtournee!<\/p>\n\n\n\n<p>Tourdaten, Tickets und weitere Informationen unter https:\/\/www.schneekoenigin-musical.de<\/p>\n\n\n\n<div style=\"height:31px\" aria-hidden=\"true\" class=\"wp-block-spacer\"><\/div>\n\n\n\n<div class=\"wp-block-buttons is-layout-flex wp-block-buttons-is-layout-flex\">\n<div class=\"wp-block-button is-style-outline is-style-outline--1\"><a class=\"wp-block-button__link wp-element-button\" href=\"https:\/\/schneekoenigin-musical.de\/\" style=\"border-radius:0px;text-transform:uppercase\" target=\"_blank\" rel=\"noreferrer noopener\">Hier klicken f\u00fcr weitere Informationen, Tourdaten &amp; Tickets<\/a><\/div>\n<\/div>\n<\/div>\n\n\n\n<figure class=\"wp-block-embed is-type-video is-provider-youtube wp-block-embed-youtube wp-embed-aspect-16-9 wp-has-aspect-ratio\"><div class=\"wp-block-embed__wrapper\">\n<iframe loading=\"lazy\" title=\"Die Schneek\u00f6nigin - Das Familienmusical (Official Teaser)\" width=\"950\" height=\"534\" src=\"https:\/\/www.youtube.com\/embed\/g911bc7lKhc?feature=oembed\" frameborder=\"0\" allow=\"accelerometer; autoplay; clipboard-write; encrypted-media; gyroscope; picture-in-picture; web-share\" referrerpolicy=\"strict-origin-when-cross-origin\" allowfullscreen><\/iframe>\n<\/div><\/figure>\n<\/div><\/div>\n<\/div>\n\n\n\n<div class=\"wp-block-columns is-layout-flex wp-container-core-columns-is-layout-28f84493 wp-block-columns-is-layout-flex\">\n<div class=\"wp-block-column is-layout-flow wp-block-column-is-layout-flow\"><\/div>\n<\/div>\n\n\n\n<div class=\"wp-block-group alignfull has-primary-background-color has-background has-global-padding is-layout-constrained wp-block-group-is-layout-constrained\">\n<div class=\"wp-block-group is-layout-flow wp-block-group-is-layout-flow\">\n<div style=\"height:100px\" aria-hidden=\"true\" class=\"wp-block-spacer\"><\/div>\n\n\n\n<div class=\"wp-block-columns is-layout-flex wp-container-core-columns-is-layout-28f84493 wp-block-columns-is-layout-flex\">\n<div class=\"wp-block-column is-layout-flow wp-block-column-is-layout-flow\" style=\"flex-basis:45%\">\n<h2 class=\"wp-block-heading has-text-align-left has-white-color has-text-color\">Kontakt<\/h2>\n\n\n\n<h5 class=\"wp-block-heading has-text-align-left has-white-color has-text-color\">Mobil: 49(0)15561435329<\/h5>\n\n\n\n<h5 class=\"wp-block-heading has-lightgrey-color has-text-color\">E-Mail: info@tongestaltung.net <\/h5>\n\n\n\n<p><\/p>\n\n\n\n<p><\/p>\n\n\n\n<h5 class=\"wp-block-heading has-lightgrey-color has-text-color\">Bitte fragen Sie weitere Referenzen und Demos per E-Mail an. <\/h5>\n\n\n\n<div style=\"height:40px\" aria-hidden=\"true\" class=\"wp-block-spacer\"><\/div>\n\n\n\n<div class=\"wp-block-buttons is-layout-flex wp-block-buttons-is-layout-flex\"><\/div>\n<\/div>\n<\/div>\n\n\n\n<div style=\"height:100px\" aria-hidden=\"true\" class=\"wp-block-spacer\"><\/div>\n<\/div>\n<\/div>\n\n\n\n<p><\/p>\n","protected":false},"excerpt":{"rendered":"<p>Echte Handarbeit f\u00fcr echten Klang. Komponist und Tonmeister \u2013 Leidenschaftlich f\u00fcr authentischen Sound und musikalische Erlebnisse, die ber\u00fchren. Bei mir entsteht alles in echter Handarbeit. Aus \u00dcberzeugung und Prinzip kein KI-Generator, keine Massenproduktion \u2013 sondern echtes Handwerk, Geh\u00f6r und Gef\u00fchl. Komposition &amp; Sounddesign f\u00fcr Film, Fernsehen, Games und Musicals \u2013 ma\u00dfgeschneidert, emotional und dramaturgisch pr\u00e4zise.Producing &hellip; <\/p>\n<p class=\"link-more\"><a href=\"https:\/\/tongestaltung.dieservices.de\/\" class=\"more-link\">Mehr <span class=\"screen-reader-text\">\u00fcber &#8222;Homepage&#8220; <\/span>Lesen<\/a><\/p>\n","protected":false},"author":1,"featured_media":0,"parent":0,"menu_order":0,"comment_status":"closed","ping_status":"closed","template":"page-templates\/homepage-builder-bb.php","meta":{"footnotes":""},"class_list":["post-8","page","type-page","status-publish","hentry"],"_links":{"self":[{"href":"https:\/\/tongestaltung.dieservices.de\/index.php?rest_route=\/wp\/v2\/pages\/8","targetHints":{"allow":["GET"]}}],"collection":[{"href":"https:\/\/tongestaltung.dieservices.de\/index.php?rest_route=\/wp\/v2\/pages"}],"about":[{"href":"https:\/\/tongestaltung.dieservices.de\/index.php?rest_route=\/wp\/v2\/types\/page"}],"author":[{"embeddable":true,"href":"https:\/\/tongestaltung.dieservices.de\/index.php?rest_route=\/wp\/v2\/users\/1"}],"replies":[{"embeddable":true,"href":"https:\/\/tongestaltung.dieservices.de\/index.php?rest_route=%2Fwp%2Fv2%2Fcomments&post=8"}],"version-history":[{"count":38,"href":"https:\/\/tongestaltung.dieservices.de\/index.php?rest_route=\/wp\/v2\/pages\/8\/revisions"}],"predecessor-version":[{"id":2093,"href":"https:\/\/tongestaltung.dieservices.de\/index.php?rest_route=\/wp\/v2\/pages\/8\/revisions\/2093"}],"wp:attachment":[{"href":"https:\/\/tongestaltung.dieservices.de\/index.php?rest_route=%2Fwp%2Fv2%2Fmedia&parent=8"}],"curies":[{"name":"wp","href":"https:\/\/api.w.org\/{rel}","templated":true}]}}